{"id":6908,"date":"2023-12-30T01:34:41","date_gmt":"2023-12-30T01:34:41","guid":{"rendered":"https:\/\/ducciobrunetti.it\/bio\/"},"modified":"2024-05-24T16:09:26","modified_gmt":"2024-05-24T16:09:26","slug":"bio","status":"publish","type":"page","link":"https:\/\/ducciobrunetti.it\/en\/bio\/","title":{"rendered":"Bio"},"content":{"rendered":"\n<h2>\n\t\tDuccio Brunetti \u00e8 un Regista ed Art Director freelance\n\t<\/h2>\n\t<p>e dal 2024 \u00e8 membro, in veste di regista, della European Film Academy<\/p>\n<p>Dal 2023 \u00e8 membro, in veste di regista, della AIR3 &#8211; Italian Directors Guild.<\/p>\n<p>Ha studiato comunicazione visiva presso la European Film College (Ebeltoft, Danimarca). Nel 2009 vince il premio &#8220;Miglior Cortometraggio&#8221; al Premio Nazionale Nickelodeon con &#8220;La Mano Rotta&#8221;. Nel 2016 vince il primo premio al &#8220;Nastro Azzurro Video Talent&#8221; durante il Milano Film Festival con il video progetto &#8220;TRIART&#8221;. Durante il Festival dei Due Mondi del 2018, dirige le riprese del concerto &#8220;Lights from the outside world&#8221; di Jeff Mills. Nel 2018 il suo &#8220;Lune&#8221; viene presentato in prima assoluta a Napoli al festival &#8220;ArteCinema&#8221;. Nel 2020 dirige il videoclip &#8220;Starlight and Gold&#8221; per la cantautrice Kt Tunstall e il videoclip &#8220;Figlio e Padre&#8221; per Cristiano Godano. Durante il 2021 realizza il cortometraggio &#8220;Mute me&#8221;, parte del film collettivo &#8220;La Prima Onda&#8221;, prodotto da Mir Cinematografica. Nel 2022 realizza il cortometraggio &#8220;Forest&#8221; per il film collettivo &#8220;Transforming Voices&#8221; prodotto da Miguel Gagiotti e il videoclip &#8220;It&#8217;s All Mine&#8221; per la band Bunuel. Nel 2023 esce il suo nuovo videoclip per N.A.I.P. dal titolo &#8220;Io Non So&#8221;.<\/p>\n<h2>\n\t\tRICONOSCIMENTI\n\t<\/h2>\n\t\t\t\t<a href=\"https:\/\/www.europeanfilmacademy.org\/european-film-academy-new-members-list\/\" target=\"_blank\" rel=\"noopener\" itemprop=\"url\">\n\t\t\t\t<img loading=\"lazy\" decoding=\"async\" src=\"https:\/\/ducciobrunetti.it\/wp-content\/uploads\/2024\/05\/IMG_2298.png\" alt=\"IMG_2298\" itemprop=\"image\" height=\"630\" width=\"1200\" title=\"IMG_2298\" onerror=\"this.style.display='none'\"  \/>\n\t\t\t\t<\/a>\n<h2>\n\t\tCOLLABORAZIONI\n\t<\/h2>\n\t\t\t\t<img decoding=\"async\" src=\"https:\/\/devmb.it\/ducciobrunetti\/wp-content\/uploads\/2024\/04\/logo-easyscrapp-gray-1.png\" alt=\"\" itemprop=\"image\" onerror=\"this.style.display='none'\"  \/>\n\t\t\t\t<img loading=\"lazy\" decoding=\"async\" src=\"https:\/\/ducciobrunetti.it\/wp-content\/uploads\/2024\/04\/images.jpeg\" alt=\"images\" itemprop=\"image\" height=\"225\" width=\"225\" title=\"images\" onerror=\"this.style.display='none'\"  \/>\n\t\t\t\t<img loading=\"lazy\" decoding=\"async\" src=\"https:\/\/ducciobrunetti.it\/wp-content\/uploads\/2024\/04\/Inco_Identity_INCO_ACADEMY-02.png\" alt=\"Inco_Identity_INCO_ACADEMY-02\" itemprop=\"image\" height=\"213\" width=\"673\" title=\"Inco_Identity_INCO_ACADEMY-02\" onerror=\"this.style.display='none'\"  \/>\n<h2>\n\t\tPREMI\n\t<\/h2>\n\t<p><a href=\"https:\/\/tuttoggi.info\/assegnati-i-premi-nickelodeon-2009-per-il-cortometraggio-sociale\/79315\/\"><img loading=\"lazy\" decoding=\"async\" src=\"https:\/\/devmb.it\/ducciobrunetti\/wp-content\/uploads\/2024\/04\/Best-Short-Film-Premio-Nazionale-per-il-cortometraggio-sociale-Nickelodeon-2009-300x199.png\" sizes=\"auto, (max-width: 300px) 100vw, 300px\" srcset=\"https:\/\/devmb.it\/ducciobrunetti\/wp-content\/uploads\/2024\/04\/Best-Short-Film-Premio-Nazionale-per-il-cortometraggio-sociale-Nickelodeon-2009-300x199.png 300w, https:\/\/devmb.it\/ducciobrunetti\/wp-content\/uploads\/2024\/04\/Best-Short-Film-Premio-Nazionale-per-il-cortometraggio-sociale-Nickelodeon-2009-1024x680.png 1024w, https:\/\/devmb.it\/ducciobrunetti\/wp-content\/uploads\/2024\/04\/Best-Short-Film-Premio-Nazionale-per-il-cortometraggio-sociale-Nickelodeon-2009-768x510.png 768w, https:\/\/devmb.it\/ducciobrunetti\/wp-content\/uploads\/2024\/04\/Best-Short-Film-Premio-Nazionale-per-il-cortometraggio-sociale-Nickelodeon-2009-1536x1020.png 1536w, https:\/\/devmb.it\/ducciobrunetti\/wp-content\/uploads\/2024\/04\/Best-Short-Film-Premio-Nazionale-per-il-cortometraggio-sociale-Nickelodeon-2009.png 1735w\" alt=\"\" width=\"231\" height=\"153\" \/><\/a><a href=\"https:\/\/www.arqfilmfest.cl\/wp-content\/uploads\/2021\/04\/Catalogo_ArqFilmFest_2018.pdf\"><img loading=\"lazy\" decoding=\"async\" src=\"https:\/\/devmb.it\/ducciobrunetti\/wp-content\/uploads\/2024\/04\/Official-Selection-ArqFilmFest-2018-300x199.png\" sizes=\"auto, (max-width: 300px) 100vw, 300px\" srcset=\"https:\/\/devmb.it\/ducciobrunetti\/wp-content\/uploads\/2024\/04\/Official-Selection-ArqFilmFest-2018-300x199.png 300w, https:\/\/devmb.it\/ducciobrunetti\/wp-content\/uploads\/2024\/04\/Official-Selection-ArqFilmFest-2018-1024x680.png 1024w, https:\/\/devmb.it\/ducciobrunetti\/wp-content\/uploads\/2024\/04\/Official-Selection-ArqFilmFest-2018-768x510.png 768w, https:\/\/devmb.it\/ducciobrunetti\/wp-content\/uploads\/2024\/04\/Official-Selection-ArqFilmFest-2018-1536x1020.png 1536w, https:\/\/devmb.it\/ducciobrunetti\/wp-content\/uploads\/2024\/04\/Official-Selection-ArqFilmFest-2018.png 1735w\" alt=\"\" width=\"231\" height=\"153\" \/><\/a><a href=\"https:\/\/ficmarc7.wixsite.com\/festivalmarcaribe\/official-selection-2019\"><img loading=\"lazy\" decoding=\"async\" src=\"https:\/\/devmb.it\/ducciobrunetti\/wp-content\/uploads\/2024\/04\/Best-Art-Video-Festival-Internacional-de-Cine-del-Mar-Caribe-2019-300x199.png\" sizes=\"auto, (max-width: 300px) 100vw, 300px\" srcset=\"https:\/\/devmb.it\/ducciobrunetti\/wp-content\/uploads\/2024\/04\/Best-Art-Video-Festival-Internacional-de-Cine-del-Mar-Caribe-2019-300x199.png 300w, https:\/\/devmb.it\/ducciobrunetti\/wp-content\/uploads\/2024\/04\/Best-Art-Video-Festival-Internacional-de-Cine-del-Mar-Caribe-2019-1024x680.png 1024w, https:\/\/devmb.it\/ducciobrunetti\/wp-content\/uploads\/2024\/04\/Best-Art-Video-Festival-Internacional-de-Cine-del-Mar-Caribe-2019-768x510.png 768w, https:\/\/devmb.it\/ducciobrunetti\/wp-content\/uploads\/2024\/04\/Best-Art-Video-Festival-Internacional-de-Cine-del-Mar-Caribe-2019-1536x1020.png 1536w, https:\/\/devmb.it\/ducciobrunetti\/wp-content\/uploads\/2024\/04\/Best-Art-Video-Festival-Internacional-de-Cine-del-Mar-Caribe-2019.png 1735w\" alt=\"\" width=\"231\" height=\"153\" \/><\/a><a href=\"https:\/\/masterofartfilmfestival.com\/en\/portfolio\/lune\/\"><img loading=\"lazy\" decoding=\"async\" src=\"https:\/\/devmb.it\/ducciobrunetti\/wp-content\/uploads\/2024\/04\/Official-Selection-Master-of-Art-Film-Festival-2019-300x199.png\" sizes=\"auto, (max-width: 300px) 100vw, 300px\" srcset=\"https:\/\/devmb.it\/ducciobrunetti\/wp-content\/uploads\/2024\/04\/Official-Selection-Master-of-Art-Film-Festival-2019-300x199.png 300w, https:\/\/devmb.it\/ducciobrunetti\/wp-content\/uploads\/2024\/04\/Official-Selection-Master-of-Art-Film-Festival-2019-1024x680.png 1024w, https:\/\/devmb.it\/ducciobrunetti\/wp-content\/uploads\/2024\/04\/Official-Selection-Master-of-Art-Film-Festival-2019-768x510.png 768w, https:\/\/devmb.it\/ducciobrunetti\/wp-content\/uploads\/2024\/04\/Official-Selection-Master-of-Art-Film-Festival-2019-1536x1020.png 1536w, https:\/\/devmb.it\/ducciobrunetti\/wp-content\/uploads\/2024\/04\/Official-Selection-Master-of-Art-Film-Festival-2019.png 1735w\" alt=\"\" width=\"231\" height=\"153\" \/><\/a><img loading=\"lazy\" decoding=\"async\" src=\"https:\/\/devmb.it\/ducciobrunetti\/wp-content\/uploads\/2024\/04\/Official-Selection-Mediterraneo-Festival-Corto-2019-300x199.png\" sizes=\"auto, (max-width: 300px) 100vw, 300px\" srcset=\"https:\/\/devmb.it\/ducciobrunetti\/wp-content\/uploads\/2024\/04\/Official-Selection-Mediterraneo-Festival-Corto-2019-300x199.png 300w, https:\/\/devmb.it\/ducciobrunetti\/wp-content\/uploads\/2024\/04\/Official-Selection-Mediterraneo-Festival-Corto-2019-1024x680.png 1024w, https:\/\/devmb.it\/ducciobrunetti\/wp-content\/uploads\/2024\/04\/Official-Selection-Mediterraneo-Festival-Corto-2019-768x510.png 768w, https:\/\/devmb.it\/ducciobrunetti\/wp-content\/uploads\/2024\/04\/Official-Selection-Mediterraneo-Festival-Corto-2019-1536x1020.png 1536w, https:\/\/devmb.it\/ducciobrunetti\/wp-content\/uploads\/2024\/04\/Official-Selection-Mediterraneo-Festival-Corto-2019.png 1735w\" alt=\"\" width=\"231\" height=\"153\" \/><img loading=\"lazy\" decoding=\"async\" src=\"https:\/\/devmb.it\/ducciobrunetti\/wp-content\/uploads\/2024\/04\/Official-Selection-Cardiff-International-Film-Festival-2019-300x199.png\" sizes=\"auto, (max-width: 300px) 100vw, 300px\" srcset=\"https:\/\/devmb.it\/ducciobrunetti\/wp-content\/uploads\/2024\/04\/Official-Selection-Cardiff-International-Film-Festival-2019-300x199.png 300w, https:\/\/devmb.it\/ducciobrunetti\/wp-content\/uploads\/2024\/04\/Official-Selection-Cardiff-International-Film-Festival-2019-1024x680.png 1024w, https:\/\/devmb.it\/ducciobrunetti\/wp-content\/uploads\/2024\/04\/Official-Selection-Cardiff-International-Film-Festival-2019-768x510.png 768w, https:\/\/devmb.it\/ducciobrunetti\/wp-content\/uploads\/2024\/04\/Official-Selection-Cardiff-International-Film-Festival-2019-1536x1020.png 1536w, https:\/\/devmb.it\/ducciobrunetti\/wp-content\/uploads\/2024\/04\/Official-Selection-Cardiff-International-Film-Festival-2019.png 1735w\" alt=\"\" width=\"231\" height=\"153\" \/><a href=\"https:\/\/www.malescorto.it\/_files\/ugd\/40fc90_3fecb7b61b674501823793440d01e17a.pdf\"><img loading=\"lazy\" decoding=\"async\" src=\"https:\/\/devmb.it\/ducciobrunetti\/wp-content\/uploads\/2024\/04\/Premio-Trasmettere-Architettura-Malescorto-2019-300x199.png\" sizes=\"auto, (max-width: 300px) 100vw, 300px\" srcset=\"https:\/\/devmb.it\/ducciobrunetti\/wp-content\/uploads\/2024\/04\/Premio-Trasmettere-Architettura-Malescorto-2019-300x199.png 300w, https:\/\/devmb.it\/ducciobrunetti\/wp-content\/uploads\/2024\/04\/Premio-Trasmettere-Architettura-Malescorto-2019-1024x680.png 1024w, https:\/\/devmb.it\/ducciobrunetti\/wp-content\/uploads\/2024\/04\/Premio-Trasmettere-Architettura-Malescorto-2019-768x510.png 768w, https:\/\/devmb.it\/ducciobrunetti\/wp-content\/uploads\/2024\/04\/Premio-Trasmettere-Architettura-Malescorto-2019-1536x1020.png 1536w, https:\/\/devmb.it\/ducciobrunetti\/wp-content\/uploads\/2024\/04\/Premio-Trasmettere-Architettura-Malescorto-2019.png 1735w\" alt=\"\" width=\"231\" height=\"153\" \/><\/a><a href=\"https:\/\/artecinema.com\/2018-programme-events\/2018\/10\/14\/lune\"><img loading=\"lazy\" decoding=\"async\" src=\"https:\/\/devmb.it\/ducciobrunetti\/wp-content\/uploads\/2024\/04\/Official-Selection-Artecinema-2018-300x199.png\" sizes=\"auto, (max-width: 300px) 100vw, 300px\" srcset=\"https:\/\/devmb.it\/ducciobrunetti\/wp-content\/uploads\/2024\/04\/Official-Selection-Artecinema-2018-300x199.png 300w, https:\/\/devmb.it\/ducciobrunetti\/wp-content\/uploads\/2024\/04\/Official-Selection-Artecinema-2018-1024x680.png 1024w, https:\/\/devmb.it\/ducciobrunetti\/wp-content\/uploads\/2024\/04\/Official-Selection-Artecinema-2018-768x510.png 768w, https:\/\/devmb.it\/ducciobrunetti\/wp-content\/uploads\/2024\/04\/Official-Selection-Artecinema-2018-1536x1020.png 1536w, https:\/\/devmb.it\/ducciobrunetti\/wp-content\/uploads\/2024\/04\/Official-Selection-Artecinema-2018.png 1735w\" alt=\"\" width=\"231\" height=\"153\" \/><\/a><a href=\"https:\/\/m.youtube.com\/watch?v=un_aoLniWJE\"><img loading=\"lazy\" decoding=\"async\" src=\"https:\/\/devmb.it\/ducciobrunetti\/wp-content\/uploads\/2024\/04\/First-Prize-Edison-For-Nature-2016-300x199.png\" sizes=\"auto, (max-width: 300px) 100vw, 300px\" srcset=\"https:\/\/devmb.it\/ducciobrunetti\/wp-content\/uploads\/2024\/04\/First-Prize-Edison-For-Nature-2016-300x199.png 300w, https:\/\/devmb.it\/ducciobrunetti\/wp-content\/uploads\/2024\/04\/First-Prize-Edison-For-Nature-2016-1024x680.png 1024w, https:\/\/devmb.it\/ducciobrunetti\/wp-content\/uploads\/2024\/04\/First-Prize-Edison-For-Nature-2016-768x510.png 768w, https:\/\/devmb.it\/ducciobrunetti\/wp-content\/uploads\/2024\/04\/First-Prize-Edison-For-Nature-2016-1536x1020.png 1536w, https:\/\/devmb.it\/ducciobrunetti\/wp-content\/uploads\/2024\/04\/First-Prize-Edison-For-Nature-2016.png 1735w\" alt=\"\" width=\"231\" height=\"153\" \/><\/a><a href=\"https:\/\/www.longtake.it\/news\/palmares-del-milano-film-festival-2016\"><img loading=\"lazy\" decoding=\"async\" src=\"https:\/\/devmb.it\/ducciobrunetti\/wp-content\/uploads\/2024\/04\/First-Prize-Milano-Film-Festival-Nastro-Azzurro-Video-Talent-2016-300x199.png\" sizes=\"auto, (max-width: 300px) 100vw, 300px\" srcset=\"https:\/\/devmb.it\/ducciobrunetti\/wp-content\/uploads\/2024\/04\/First-Prize-Milano-Film-Festival-Nastro-Azzurro-Video-Talent-2016-300x199.png 300w, https:\/\/devmb.it\/ducciobrunetti\/wp-content\/uploads\/2024\/04\/First-Prize-Milano-Film-Festival-Nastro-Azzurro-Video-Talent-2016-1024x680.png 1024w, https:\/\/devmb.it\/ducciobrunetti\/wp-content\/uploads\/2024\/04\/First-Prize-Milano-Film-Festival-Nastro-Azzurro-Video-Talent-2016-768x510.png 768w, https:\/\/devmb.it\/ducciobrunetti\/wp-content\/uploads\/2024\/04\/First-Prize-Milano-Film-Festival-Nastro-Azzurro-Video-Talent-2016-1536x1020.png 1536w, https:\/\/devmb.it\/ducciobrunetti\/wp-content\/uploads\/2024\/04\/First-Prize-Milano-Film-Festival-Nastro-Azzurro-Video-Talent-2016.png 1735w\" alt=\"\" width=\"231\" height=\"153\" \/><\/a><img loading=\"lazy\" decoding=\"async\" src=\"https:\/\/devmb.it\/ducciobrunetti\/wp-content\/uploads\/2024\/04\/OFFICIAL-SELECTION-Paris-International-Short-Festival-2022-300x199.png\" sizes=\"auto, (max-width: 300px) 100vw, 300px\" srcset=\"https:\/\/devmb.it\/ducciobrunetti\/wp-content\/uploads\/2024\/04\/OFFICIAL-SELECTION-Paris-International-Short-Festival-2022-300x199.png 300w, https:\/\/devmb.it\/ducciobrunetti\/wp-content\/uploads\/2024\/04\/OFFICIAL-SELECTION-Paris-International-Short-Festival-2022-1024x680.png 1024w, https:\/\/devmb.it\/ducciobrunetti\/wp-content\/uploads\/2024\/04\/OFFICIAL-SELECTION-Paris-International-Short-Festival-2022-768x510.png 768w, https:\/\/devmb.it\/ducciobrunetti\/wp-content\/uploads\/2024\/04\/OFFICIAL-SELECTION-Paris-International-Short-Festival-2022-1536x1020.png 1536w, https:\/\/devmb.it\/ducciobrunetti\/wp-content\/uploads\/2024\/04\/OFFICIAL-SELECTION-Paris-International-Short-Festival-2022.png 1735w\" alt=\"\" width=\"231\" height=\"153\" \/><\/p>\n<p><img loading=\"lazy\" decoding=\"async\" src=\"https:\/\/devmb.it\/ducciobrunetti\/wp-content\/uploads\/2024\/04\/OFFICIAL-SELECTION-Cinephone-International-Smartphone-Film-Festival-2017-300x199.png\" sizes=\"auto, (max-width: 300px) 100vw, 300px\" srcset=\"https:\/\/devmb.it\/ducciobrunetti\/wp-content\/uploads\/2024\/04\/OFFICIAL-SELECTION-Cinephone-International-Smartphone-Film-Festival-2017-300x199.png 300w, https:\/\/devmb.it\/ducciobrunetti\/wp-content\/uploads\/2024\/04\/OFFICIAL-SELECTION-Cinephone-International-Smartphone-Film-Festival-2017-1024x680.png 1024w, https:\/\/devmb.it\/ducciobrunetti\/wp-content\/uploads\/2024\/04\/OFFICIAL-SELECTION-Cinephone-International-Smartphone-Film-Festival-2017-768x510.png 768w, https:\/\/devmb.it\/ducciobrunetti\/wp-content\/uploads\/2024\/04\/OFFICIAL-SELECTION-Cinephone-International-Smartphone-Film-Festival-2017-1536x1020.png 1536w, https:\/\/devmb.it\/ducciobrunetti\/wp-content\/uploads\/2024\/04\/OFFICIAL-SELECTION-Cinephone-International-Smartphone-Film-Festival-2017.png 1735w\" alt=\"\" width=\"231\" height=\"153\" \/><\/p>\n\n","protected":false},"excerpt":{"rendered":"<p>Duccio Brunetti \u00e8 un Regista ed Art Director freelance e dal 2024 \u00e8 membro, in veste di regista, della European Film Academy Dal 2023 \u00e8 membro, in veste di regista, della AIR3 &#8211; Italian Directors Guild. Ha studiato comunicazione visiva presso la European Film College (Ebeltoft, Danimarca). Nel 2009 vince il premio &#8220;Miglior Cortometraggio&#8221; al&hellip;<\/p>\n","protected":false},"author":1,"featured_media":6868,"parent":0,"menu_order":0,"comment_status":"closed","ping_status":"closed","template":"","meta":{"footnotes":""},"class_list":["post-6908","page","type-page","status-publish","has-post-thumbnail","hentry"],"yoast_head":"<!-- This site is optimized with the Yoast SEO plugin v22.4 - https:\/\/yoast.com\/wordpress\/plugins\/seo\/ -->\n<title>Bio - Duccio Brunetti<\/title>\n<meta name=\"robots\" content=\"index, follow, max-snippet:-1, max-image-preview:large, max-video-preview:-1\" \/>\n<link rel=\"canonical\" href=\"https:\/\/ducciobrunetti.it\/en\/bio\/\" \/>\n<meta property=\"og:locale\" content=\"en_US\" \/>\n<meta property=\"og:type\" content=\"article\" \/>\n<meta property=\"og:title\" content=\"Bio - Duccio Brunetti\" \/>\n<meta property=\"og:description\" content=\"Duccio Brunetti \u00e8 un Regista ed Art Director freelance e dal 2024 \u00e8 membro, in veste di regista, della European Film Academy Dal 2023 \u00e8 membro, in veste di regista, della AIR3 &#8211; Italian Directors Guild. Ha studiato comunicazione visiva presso la European Film College (Ebeltoft, Danimarca). Nel 2009 vince il premio &#8220;Miglior Cortometraggio&#8221; al&hellip;\" \/>\n<meta property=\"og:url\" content=\"https:\/\/ducciobrunetti.it\/en\/bio\/\" \/>\n<meta property=\"og:site_name\" content=\"Duccio Brunetti\" \/>\n<meta property=\"article:modified_time\" content=\"2024-05-24T16:09:26+00:00\" \/>\n<meta property=\"og:image\" content=\"https:\/\/ducciobrunetti.it\/wp-content\/uploads\/2023\/12\/duccio-brunetti-filmaking-art-direction.png\" \/>\n\t<meta property=\"og:image:width\" content=\"1920\" \/>\n\t<meta property=\"og:image:height\" content=\"1080\" \/>\n\t<meta property=\"og:image:type\" content=\"image\/png\" \/>\n<meta name=\"twitter:card\" content=\"summary_large_image\" \/>\n<meta name=\"twitter:label1\" content=\"Est. reading time\" \/>\n\t<meta name=\"twitter:data1\" content=\"5 minutes\" \/>\n<script type=\"application\/ld+json\" class=\"yoast-schema-graph\">{\"@context\":\"https:\/\/schema.org\",\"@graph\":[{\"@type\":\"WebPage\",\"@id\":\"https:\/\/ducciobrunetti.it\/en\/bio\/\",\"url\":\"https:\/\/ducciobrunetti.it\/en\/bio\/\",\"name\":\"Bio - Duccio Brunetti\",\"isPartOf\":{\"@id\":\"https:\/\/ducciobrunetti.it\/en\/#website\"},\"primaryImageOfPage\":{\"@id\":\"https:\/\/ducciobrunetti.it\/en\/bio\/#primaryimage\"},\"image\":{\"@id\":\"https:\/\/ducciobrunetti.it\/en\/bio\/#primaryimage\"},\"thumbnailUrl\":\"https:\/\/ducciobrunetti.it\/wp-content\/uploads\/2023\/12\/duccio-brunetti-filmaking-art-direction.png\",\"datePublished\":\"2023-12-30T01:34:41+00:00\",\"dateModified\":\"2024-05-24T16:09:26+00:00\",\"breadcrumb\":{\"@id\":\"https:\/\/ducciobrunetti.it\/en\/bio\/#breadcrumb\"},\"inLanguage\":\"en-US\",\"potentialAction\":[{\"@type\":\"ReadAction\",\"target\":[\"https:\/\/ducciobrunetti.it\/en\/bio\/\"]}]},{\"@type\":\"ImageObject\",\"inLanguage\":\"en-US\",\"@id\":\"https:\/\/ducciobrunetti.it\/en\/bio\/#primaryimage\",\"url\":\"https:\/\/ducciobrunetti.it\/wp-content\/uploads\/2023\/12\/duccio-brunetti-filmaking-art-direction.png\",\"contentUrl\":\"https:\/\/ducciobrunetti.it\/wp-content\/uploads\/2023\/12\/duccio-brunetti-filmaking-art-direction.png\",\"width\":1920,\"height\":1080},{\"@type\":\"BreadcrumbList\",\"@id\":\"https:\/\/ducciobrunetti.it\/en\/bio\/#breadcrumb\",\"itemListElement\":[{\"@type\":\"ListItem\",\"position\":1,\"name\":\"Home\",\"item\":\"https:\/\/ducciobrunetti.it\/en\/home\/\"},{\"@type\":\"ListItem\",\"position\":2,\"name\":\"Bio\"}]},{\"@type\":\"WebSite\",\"@id\":\"https:\/\/ducciobrunetti.it\/en\/#website\",\"url\":\"https:\/\/ducciobrunetti.it\/en\/\",\"name\":\"Duccio Brunetti\",\"description\":\"\",\"publisher\":{\"@id\":\"https:\/\/ducciobrunetti.it\/en\/#\/schema\/person\/0ed6e1a7783e3324a659195856140bb8\"},\"potentialAction\":[{\"@type\":\"SearchAction\",\"target\":{\"@type\":\"EntryPoint\",\"urlTemplate\":\"https:\/\/ducciobrunetti.it\/en\/?s={search_term_string}\"},\"query-input\":\"required name=search_term_string\"}],\"inLanguage\":\"en-US\"},{\"@type\":[\"Person\",\"Organization\"],\"@id\":\"https:\/\/ducciobrunetti.it\/en\/#\/schema\/person\/0ed6e1a7783e3324a659195856140bb8\",\"name\":\"Duccio\",\"image\":{\"@type\":\"ImageObject\",\"inLanguage\":\"en-US\",\"@id\":\"https:\/\/ducciobrunetti.it\/en\/#\/schema\/person\/image\/\",\"url\":\"https:\/\/ducciobrunetti.it\/wp-content\/uploads\/2023\/12\/duccio-brunetti-filmaking-art-direction.png\",\"contentUrl\":\"https:\/\/ducciobrunetti.it\/wp-content\/uploads\/2023\/12\/duccio-brunetti-filmaking-art-direction.png\",\"width\":1920,\"height\":1080,\"caption\":\"Duccio\"},\"logo\":{\"@id\":\"https:\/\/ducciobrunetti.it\/en\/#\/schema\/person\/image\/\"}}]}<\/script>\n<!-- \/ Yoast SEO plugin. -->","yoast_head_json":{"title":"Bio - Duccio Brunetti","robots":{"index":"index","follow":"follow","max-snippet":"max-snippet:-1","max-image-preview":"max-image-preview:large","max-video-preview":"max-video-preview:-1"},"canonical":"https:\/\/ducciobrunetti.it\/en\/bio\/","og_locale":"en_US","og_type":"article","og_title":"Bio - Duccio Brunetti","og_description":"Duccio Brunetti \u00e8 un Regista ed Art Director freelance e dal 2024 \u00e8 membro, in veste di regista, della European Film Academy Dal 2023 \u00e8 membro, in veste di regista, della AIR3 &#8211; Italian Directors Guild. Ha studiato comunicazione visiva presso la European Film College (Ebeltoft, Danimarca). Nel 2009 vince il premio &#8220;Miglior Cortometraggio&#8221; al&hellip;","og_url":"https:\/\/ducciobrunetti.it\/en\/bio\/","og_site_name":"Duccio Brunetti","article_modified_time":"2024-05-24T16:09:26+00:00","og_image":[{"width":1920,"height":1080,"url":"https:\/\/ducciobrunetti.it\/wp-content\/uploads\/2023\/12\/duccio-brunetti-filmaking-art-direction.png","type":"image\/png"}],"twitter_card":"summary_large_image","twitter_misc":{"Est. reading time":"5 minutes"},"schema":{"@context":"https:\/\/schema.org","@graph":[{"@type":"WebPage","@id":"https:\/\/ducciobrunetti.it\/en\/bio\/","url":"https:\/\/ducciobrunetti.it\/en\/bio\/","name":"Bio - Duccio Brunetti","isPartOf":{"@id":"https:\/\/ducciobrunetti.it\/en\/#website"},"primaryImageOfPage":{"@id":"https:\/\/ducciobrunetti.it\/en\/bio\/#primaryimage"},"image":{"@id":"https:\/\/ducciobrunetti.it\/en\/bio\/#primaryimage"},"thumbnailUrl":"https:\/\/ducciobrunetti.it\/wp-content\/uploads\/2023\/12\/duccio-brunetti-filmaking-art-direction.png","datePublished":"2023-12-30T01:34:41+00:00","dateModified":"2024-05-24T16:09:26+00:00","breadcrumb":{"@id":"https:\/\/ducciobrunetti.it\/en\/bio\/#breadcrumb"},"inLanguage":"en-US","potentialAction":[{"@type":"ReadAction","target":["https:\/\/ducciobrunetti.it\/en\/bio\/"]}]},{"@type":"ImageObject","inLanguage":"en-US","@id":"https:\/\/ducciobrunetti.it\/en\/bio\/#primaryimage","url":"https:\/\/ducciobrunetti.it\/wp-content\/uploads\/2023\/12\/duccio-brunetti-filmaking-art-direction.png","contentUrl":"https:\/\/ducciobrunetti.it\/wp-content\/uploads\/2023\/12\/duccio-brunetti-filmaking-art-direction.png","width":1920,"height":1080},{"@type":"BreadcrumbList","@id":"https:\/\/ducciobrunetti.it\/en\/bio\/#breadcrumb","itemListElement":[{"@type":"ListItem","position":1,"name":"Home","item":"https:\/\/ducciobrunetti.it\/en\/home\/"},{"@type":"ListItem","position":2,"name":"Bio"}]},{"@type":"WebSite","@id":"https:\/\/ducciobrunetti.it\/en\/#website","url":"https:\/\/ducciobrunetti.it\/en\/","name":"Duccio Brunetti","description":"","publisher":{"@id":"https:\/\/ducciobrunetti.it\/en\/#\/schema\/person\/0ed6e1a7783e3324a659195856140bb8"},"potentialAction":[{"@type":"SearchAction","target":{"@type":"EntryPoint","urlTemplate":"https:\/\/ducciobrunetti.it\/en\/?s={search_term_string}"},"query-input":"required name=search_term_string"}],"inLanguage":"en-US"},{"@type":["Person","Organization"],"@id":"https:\/\/ducciobrunetti.it\/en\/#\/schema\/person\/0ed6e1a7783e3324a659195856140bb8","name":"Duccio","image":{"@type":"ImageObject","inLanguage":"en-US","@id":"https:\/\/ducciobrunetti.it\/en\/#\/schema\/person\/image\/","url":"https:\/\/ducciobrunetti.it\/wp-content\/uploads\/2023\/12\/duccio-brunetti-filmaking-art-direction.png","contentUrl":"https:\/\/ducciobrunetti.it\/wp-content\/uploads\/2023\/12\/duccio-brunetti-filmaking-art-direction.png","width":1920,"height":1080,"caption":"Duccio"},"logo":{"@id":"https:\/\/ducciobrunetti.it\/en\/#\/schema\/person\/image\/"}}]}},"_links":{"self":[{"href":"https:\/\/ducciobrunetti.it\/en\/wp-json\/wp\/v2\/pages\/6908","targetHints":{"allow":["GET"]}}],"collection":[{"href":"https:\/\/ducciobrunetti.it\/en\/wp-json\/wp\/v2\/pages"}],"about":[{"href":"https:\/\/ducciobrunetti.it\/en\/wp-json\/wp\/v2\/types\/page"}],"author":[{"embeddable":true,"href":"https:\/\/ducciobrunetti.it\/en\/wp-json\/wp\/v2\/users\/1"}],"replies":[{"embeddable":true,"href":"https:\/\/ducciobrunetti.it\/en\/wp-json\/wp\/v2\/comments?post=6908"}],"version-history":[{"count":3,"href":"https:\/\/ducciobrunetti.it\/en\/wp-json\/wp\/v2\/pages\/6908\/revisions"}],"predecessor-version":[{"id":6965,"href":"https:\/\/ducciobrunetti.it\/en\/wp-json\/wp\/v2\/pages\/6908\/revisions\/6965"}],"wp:featuredmedia":[{"embeddable":true,"href":"https:\/\/ducciobrunetti.it\/en\/wp-json\/wp\/v2\/media\/6868"}],"wp:attachment":[{"href":"https:\/\/ducciobrunetti.it\/en\/wp-json\/wp\/v2\/media?parent=6908"}],"curies":[{"name":"wp","href":"https:\/\/api.w.org\/{rel}","templated":true}]}}